{"id":317,"date":"2026-01-21T16:48:08","date_gmt":"2026-01-21T16:48:08","guid":{"rendered":"https:\/\/cadreled.fr\/?post_type=product&#038;p=317"},"modified":"2026-01-25T08:37:06","modified_gmt":"2026-01-25T08:37:06","slug":"cadre-led-love","status":"publish","type":"product","link":"https:\/\/cadreled.fr\/?product=cadre-led-love","title":{"rendered":"Cadre LED Love"},"content":{"rendered":"<p data-start=\"0\" data-end=\"119\">Transformez votre plus belle photo en un <strong data-start=\"41\" data-end=\"59\">cadre LED Love<\/strong> personnalis\u00e9, et faites briller vos souvenirs au quotidien.<\/p>\n<p data-start=\"121\" data-end=\"442\">\u00c0 partir de votre image (photo, dessin, logo\u2026), nous r\u00e9alisons une cr\u00e9ation sur mesure int\u00e9gr\u00e9e dans un <strong data-start=\"225\" data-end=\"251\">cadre en forme de c\u0153ur<\/strong> avec l\u2019inscription <strong data-start=\"271\" data-end=\"281\">\u201clove\u201d<\/strong>. L\u2019\u00e9clairage LED diffuse une lumi\u00e8re douce et homog\u00e8ne qui met en valeur votre visuel, de jour comme de nuit, pour une ambiance chaleureuse et pleine d\u2019\u00e9motion.<\/p>\n<p data-start=\"444\" data-end=\"631\">Ce mod\u00e8le est parfait pour c\u00e9l\u00e9brer <strong data-start=\"480\" data-end=\"493\">un couple<\/strong>, mais aussi pour offrir un cadeau rempli de sens \u00e0 une <strong data-start=\"549\" data-end=\"558\">maman<\/strong>, une <strong data-start=\"564\" data-end=\"591\">meilleure amie \/ bestie<\/strong>, ou toute personne qui compte vraiment.<\/p>\n<p data-start=\"633\" data-end=\"780\">Con\u00e7u et fabriqu\u00e9 en France, dans l\u2019Ain, chaque cadre est assembl\u00e9 \u00e0 la main avec soin afin de garantir une finition propre et une qualit\u00e9 durable.<\/p>\n<h4 data-start=\"782\" data-end=\"812\">Caract\u00e9ristiques techniques<\/h4>\n<ul data-start=\"814\" data-end=\"1251\">\n<li data-start=\"814\" data-end=\"849\">\n<p data-start=\"816\" data-end=\"849\"><strong data-start=\"816\" data-end=\"828\">Format :<\/strong> c\u0153ur (mod\u00e8le Love)<\/p>\n<\/li>\n<li data-start=\"850\" data-end=\"932\">\n<p data-start=\"852\" data-end=\"932\"><strong data-start=\"852\" data-end=\"877\">Visuel personnalis\u00e9 :<\/strong> \u00e0 partir de votre image (photo, illustration, logo\u2026)<\/p>\n<\/li>\n<li data-start=\"933\" data-end=\"981\">\n<p data-start=\"935\" data-end=\"981\"><strong data-start=\"935\" data-end=\"962\">\u00c9clairage LED int\u00e9gr\u00e9 :<\/strong> doux et homog\u00e8ne<\/p>\n<\/li>\n<li data-start=\"982\" data-end=\"1115\">\n<p data-start=\"984\" data-end=\"1115\"><strong data-start=\"984\" data-end=\"1002\">Alimentation :<\/strong> USB-C (5V)<br data-start=\"1013\" data-end=\"1016\" \/><em data-start=\"1018\" data-end=\"1113\">(adaptateur secteur et c\u00e2ble non fournis \u2014 compatible avec un chargeur de t\u00e9l\u00e9phone standard)<\/em><\/p>\n<\/li>\n<li data-start=\"1116\" data-end=\"1177\">\n<p data-start=\"1118\" data-end=\"1177\"><strong data-start=\"1118\" data-end=\"1145\">Fabrication fran\u00e7aise :<\/strong> assembl\u00e9 \u00e0 la main dans l\u2019Ain<\/p>\n<\/li>\n<li data-start=\"1178\" data-end=\"1251\">\n<p data-start=\"1180\" data-end=\"1251\"><strong data-start=\"1180\" data-end=\"1198\">Requis image :<\/strong> minimum <strong data-start=\"1207\" data-end=\"1225\">1000 \u00d7 1000 px<\/strong> (format carr\u00e9 recommand\u00e9)<\/p>\n<\/li>\n<\/ul>\n<h4 data-start=\"1253\" data-end=\"1268\">Alimentation<\/h4>\n<p data-start=\"1270\" data-end=\"1469\">Le cadre est aliment\u00e9 en <strong data-start=\"1295\" data-end=\"1320\">5V via un c\u00e2ble USB-C<\/strong>.<br data-start=\"1321\" data-end=\"1324\" \/>Il est compatible avec tous les chargeurs USB standards : <strong data-start=\"1382\" data-end=\"1407\">chargeur de t\u00e9l\u00e9phone<\/strong>, multiprise USB, <strong data-start=\"1425\" data-end=\"1445\">batterie externe<\/strong>, port USB d\u2019ordinateur\u2026<\/p>\n<h4 data-start=\"1471\" data-end=\"1497\">Ce cadre est id\u00e9al pour<\/h4>\n<ul data-start=\"1499\" data-end=\"1833\">\n<li data-start=\"1499\" data-end=\"1575\">\n<p data-start=\"1501\" data-end=\"1575\">un <strong data-start=\"1504\" data-end=\"1514\">couple<\/strong> (anniversaire, Saint-Valentin, mariage, surprise romantique)<\/p>\n<\/li>\n<li data-start=\"1576\" data-end=\"1654\">\n<p data-start=\"1578\" data-end=\"1654\">une <strong data-start=\"1582\" data-end=\"1600\">F\u00eate des M\u00e8res<\/strong> (un souvenir avec enfants, famille, moments pr\u00e9cieux)<\/p>\n<\/li>\n<li data-start=\"1655\" data-end=\"1733\">\n<p data-start=\"1657\" data-end=\"1733\">une <strong data-start=\"1661\" data-end=\"1688\">bestie \/ meilleure amie<\/strong> (souvenir de voyage, d\u00e9lire, photo iconique)<\/p>\n<\/li>\n<li data-start=\"1734\" data-end=\"1786\">\n<p data-start=\"1736\" data-end=\"1786\">un cadeau <strong data-start=\"1746\" data-end=\"1765\">plein d\u2019\u00e9motion<\/strong> et 100% personnalis\u00e9<\/p>\n<\/li>\n<li data-start=\"1787\" data-end=\"1833\">\n<p data-start=\"1789\" data-end=\"1833\">une <strong data-start=\"1793\" data-end=\"1811\">d\u00e9co lumineuse<\/strong> unique, qui a du sens<\/p>\n<\/li>\n<\/ul>\n<p data-start=\"1835\" data-end=\"1987\" data-is-last-node=\"\" data-is-only-node=\"\">Chaque cadre est r\u00e9alis\u00e9 avec soin, de la pr\u00e9paration du visuel \u00e0 l\u2019assemblage final, pour garantir un rendu propre, durable et fid\u00e8le \u00e0 votre souvenir<\/p>\n","protected":false},"excerpt":{"rendered":"<p>Les plus beaux liens m\u00e9ritent de briller, transformez-les en <strong>cadre LED<\/strong>.<\/p>\n","protected":false},"featured_media":451,"comment_status":"open","ping_status":"closed","template":"","meta":[],"product_brand":[],"product_cat":[18],"product_tag":[],"class_list":{"0":"post-317","1":"product","2":"type-product","3":"status-publish","4":"has-post-thumbnail","6":"product_cat-cadres-led-personnalises","8":"first","9":"instock","10":"sale","11":"shipping-taxable","12":"purchasable","13":"product-type-simple"},"jetpack_sharing_enabled":true,"_links":{"self":[{"href":"https:\/\/cadreled.fr\/index.php?rest_route=\/wp\/v2\/product\/317","targetHints":{"allow":["GET"]}}],"collection":[{"href":"https:\/\/cadreled.fr\/index.php?rest_route=\/wp\/v2\/product"}],"about":[{"href":"https:\/\/cadreled.fr\/index.php?rest_route=\/wp\/v2\/types\/product"}],"replies":[{"embeddable":true,"href":"https:\/\/cadreled.fr\/index.php?rest_route=%2Fwp%2Fv2%2Fcomments&post=317"}],"wp:featuredmedia":[{"embeddable":true,"href":"https:\/\/cadreled.fr\/index.php?rest_route=\/wp\/v2\/media\/451"}],"wp:attachment":[{"href":"https:\/\/cadreled.fr\/index.php?rest_route=%2Fwp%2Fv2%2Fmedia&parent=317"}],"wp:term":[{"taxonomy":"product_brand","embeddable":true,"href":"https:\/\/cadreled.fr\/index.php?rest_route=%2Fwp%2Fv2%2Fproduct_brand&post=317"},{"taxonomy":"product_cat","embeddable":true,"href":"https:\/\/cadreled.fr\/index.php?rest_route=%2Fwp%2Fv2%2Fproduct_cat&post=317"},{"taxonomy":"product_tag","embeddable":true,"href":"https:\/\/cadreled.fr\/index.php?rest_route=%2Fwp%2Fv2%2Fproduct_tag&post=317"}],"curies":[{"name":"wp","href":"https:\/\/api.w.org\/{rel}","templated":true}]}}